{"id":47,"date":"2019-04-08T11:02:14","date_gmt":"2019-04-08T11:02:14","guid":{"rendered":"http:\/\/ib-dechert.de\/?page_id=47"},"modified":"2019-04-08T12:13:05","modified_gmt":"2019-04-08T12:13:05","slug":"impressum","status":"publish","type":"page","link":"https:\/\/ib-dechert.de\/?page_id=47","title":{"rendered":"Impressum"},"content":{"rendered":"\n<h1>Impressum<\/h1>\n\n\n\n<p> S\u00e4mtliche Inhalte, Fotos, Texte und Graphiken dieser Website sind  urheberrechtlich gesch\u00fctzt. Sie d\u00fcrfen ohne meine vorherige  schriftliche Genehmigung weder ganz noch auszugsweise kopiert,  ver\u00e4ndert, vervielf\u00e4ltigt oder ver\u00f6ffentlicht werden.&nbsp; Jegliche  unerlaubte Verwertung wird zivil- und\/oder strafrechtlich verfolgt. \u00a9 2019 &#8211;&nbsp; J\u00fcrgen E. Dechert &lt;&gt; Angaben gem\u00e4\u00df \u00a7 5 TMG: <\/p>\n\n\n\n<p><strong> J\u00fcrgen E. Dechert <\/strong><br>\nBachgartenstra\u00dfe 6a<br>\n64572 B\u00fcttelborn<br>\nDeutschland<\/p>\n\n\n\n<p>E-Mail: <a href=\"mailto:info@jed-photodesign.de\">info@ib-dechert.de<\/a><br> Umsatzsteuer-ID: nein, Kleinunternehmer, befreit nach \u00a719 Umsatzsteuergesetz<\/p>\n\n\n\n<p><\/p>\n","protected":false},"excerpt":{"rendered":"<p>Impressum S\u00e4mtliche Inhalte, Fotos, Texte und Graphiken dieser Website sind urheberrechtlich gesch\u00fctzt. Sie d\u00fcrfen ohne meine vorherige schriftliche Genehmigung weder ganz noch auszugsweise kopiert, ver\u00e4ndert, vervielf\u00e4ltigt oder ver\u00f6ffentlicht werden.&nbsp; Jegliche unerlaubte Verwertung wird zivil- und\/oder strafrechtlich verfolgt. \u00a9 2019 &#8211;&nbsp; J\u00fcrgen E. Dechert &lt;&gt; Angaben gem\u00e4\u00df \u00a7 5 TMG: J\u00fcrgen E. Dechert Bachgartenstra\u00dfe 6a 64572 [&hellip;]<\/p>\n","protected":false},"author":1,"featured_media":0,"parent":0,"menu_order":0,"comment_status":"closed","ping_status":"closed","template":"","meta":[],"_links":{"self":[{"href":"https:\/\/ib-dechert.de\/index.php?rest_route=\/wp\/v2\/pages\/47"}],"collection":[{"href":"https:\/\/ib-dechert.de\/index.php?rest_route=\/wp\/v2\/pages"}],"about":[{"href":"https:\/\/ib-dechert.de\/index.php?rest_route=\/wp\/v2\/types\/page"}],"author":[{"embeddable":true,"href":"https:\/\/ib-dechert.de\/index.php?rest_route=\/wp\/v2\/users\/1"}],"replies":[{"embeddable":true,"href":"https:\/\/ib-dechert.de\/index.php?rest_route=%2Fwp%2Fv2%2Fcomments&post=47"}],"version-history":[{"count":3,"href":"https:\/\/ib-dechert.de\/index.php?rest_route=\/wp\/v2\/pages\/47\/revisions"}],"predecessor-version":[{"id":78,"href":"https:\/\/ib-dechert.de\/index.php?rest_route=\/wp\/v2\/pages\/47\/revisions\/78"}],"wp:attachment":[{"href":"https:\/\/ib-dechert.de\/index.php?rest_route=%2Fwp%2Fv2%2Fmedia&parent=47"}],"curies":[{"name":"wp","href":"https:\/\/api.w.org\/{rel}","templated":true}]}}